{"id":101,"date":"2019-02-26T20:57:48","date_gmt":"2019-02-26T19:57:48","guid":{"rendered":"http:\/\/www.westernkilbi.ch\/?page_id=101"},"modified":"2025-07-28T11:11:20","modified_gmt":"2025-07-28T09:11:20","slug":"partner-goenner","status":"publish","type":"page","link":"https:\/\/www.westernkilbi.ch\/?page_id=101","title":{"rendered":"Sponsoren"},"content":{"rendered":"\n<h3 class=\"wp-block-heading\"><strong>Herzlichen Dank an unseren Hauptsponsor<\/strong><\/h3>\n\n\n\n<figure class=\"wp-block-image is-resized\"><a href=\"https:\/\/www.mobiliar.ch\/versicherungen-und-vorsorge\/generalagenturen\/willisau-entlebuch\" target=\"_blank\" rel=\"noreferrer noopener\"><img loading=\"lazy\" decoding=\"async\" width=\"800\" height=\"600\" src=\"http:\/\/www.westernkilbi.ch\/wp-content\/uploads\/2019\/05\/Logo-Mobiliar-Willisau-Entlebuch.png\" alt=\"\" class=\"wp-image-258\" style=\"width:289px;height:216px\" srcset=\"https:\/\/www.westernkilbi.ch\/wp-content\/uploads\/2019\/05\/Logo-Mobiliar-Willisau-Entlebuch.png 800w, https:\/\/www.westernkilbi.ch\/wp-content\/uploads\/2019\/05\/Logo-Mobiliar-Willisau-Entlebuch-300x225.png 300w, https:\/\/www.westernkilbi.ch\/wp-content\/uploads\/2019\/05\/Logo-Mobiliar-Willisau-Entlebuch-768x576.png 768w\" sizes=\"auto, (max-width: 800px) 100vw, 800px\" \/><\/a><\/figure>\n\n\n\n<h3 class=\"wp-block-heading\"><strong>Herzlichen Dank an unsere Lokalsponsoren<\/strong><\/h3>\n\n\n<div id=\"pl-gb101-69ec7afa4b64c\"  class=\"panel-layout wp-block-siteorigin-panels-layout-block\" ><div id=\"pg-gb101-69ec7afa4b64c-0\"  class=\"panel-grid panel-no-style\" ><div id=\"pgc-gb101-69ec7afa4b64c-0-0\"  class=\"panel-grid-cell\" ><div id=\"panel-gb101-69ec7afa4b64c-0-0-0\" class=\"so-panel widget widget_media_image panel-first-child panel-last-child\" data-index=\"0\" ><img decoding=\"async\" class=\"image \" src=\"http:\/\/www.westernkilbi.ch\/wp-content\/uploads\/2023\/06\/Aregger-Patrick-Bau-pdf-300x150.jpg\" alt=\"\" width=\"NaN\" height=\"NaN\" \/><\/div><\/div><div id=\"pgc-gb101-69ec7afa4b64c-0-1\"  class=\"panel-grid-cell\" ><div id=\"panel-gb101-69ec7afa4b64c-0-1-0\" class=\"so-panel widget widget_media_image panel-first-child panel-last-child\" data-index=\"1\" ><a href=\"https:\/\/www.martihaustechnik.ch\/\"><img loading=\"lazy\" decoding=\"async\" width=\"300\" height=\"122\" src=\"https:\/\/www.westernkilbi.ch\/wp-content\/uploads\/2022\/06\/marti-haustechnik-menzberg-300x122.jpg\" class=\"image wp-image-397  attachment-medium size-medium\" alt=\"\" style=\"max-width: 100%; height: auto;\" srcset=\"https:\/\/www.westernkilbi.ch\/wp-content\/uploads\/2022\/06\/marti-haustechnik-menzberg-300x122.jpg 300w, https:\/\/www.westernkilbi.ch\/wp-content\/uploads\/2022\/06\/marti-haustechnik-menzberg-1024x418.jpg 1024w, https:\/\/www.westernkilbi.ch\/wp-content\/uploads\/2022\/06\/marti-haustechnik-menzberg-768x314.jpg 768w, https:\/\/www.westernkilbi.ch\/wp-content\/uploads\/2022\/06\/marti-haustechnik-menzberg.jpg 1509w\" sizes=\"auto, (max-width: 300px) 100vw, 300px\" \/><\/a><\/div><\/div><\/div><div id=\"pg-gb101-69ec7afa4b64c-1\"  class=\"panel-grid panel-no-style\" ><div id=\"pgc-gb101-69ec7afa4b64c-1-0\"  class=\"panel-grid-cell\" ><div id=\"panel-gb101-69ec7afa4b64c-1-0-0\" class=\"so-panel widget widget_media_image panel-first-child panel-last-child\" data-index=\"2\" ><a href=\"https:\/\/www.aio-solar.ch\/\"><img loading=\"lazy\" decoding=\"async\" width=\"300\" height=\"72\" src=\"https:\/\/www.westernkilbi.ch\/wp-content\/uploads\/2025\/07\/Logo-AIO-Solar-AG-300x72.png\" class=\"image wp-image-621  attachment-medium size-medium\" alt=\"\" style=\"max-width: 100%; height: auto;\" srcset=\"https:\/\/www.westernkilbi.ch\/wp-content\/uploads\/2025\/07\/Logo-AIO-Solar-AG-300x72.png 300w, https:\/\/www.westernkilbi.ch\/wp-content\/uploads\/2025\/07\/Logo-AIO-Solar-AG.png 458w\" sizes=\"auto, (max-width: 300px) 100vw, 300px\" \/><\/a><\/div><\/div><div id=\"pgc-gb101-69ec7afa4b64c-1-1\"  class=\"panel-grid-cell\" ><div id=\"panel-gb101-69ec7afa4b64c-1-1-0\" class=\"so-panel widget widget_media_image panel-first-child panel-last-child\" data-index=\"3\" ><a href=\"https:\/\/search.ch\/tel\/alberswil\/feldweg-8\/foelmli-bedachungen-gmbh\"><img loading=\"lazy\" decoding=\"async\" width=\"300\" height=\"104\" src=\"https:\/\/www.westernkilbi.ch\/wp-content\/uploads\/2019\/04\/Logo-F\u00f6lmli-Bedachungen-300x104.png\" class=\"image wp-image-208  attachment-medium size-medium\" alt=\"\" style=\"max-width: 100%; height: auto;\" srcset=\"https:\/\/www.westernkilbi.ch\/wp-content\/uploads\/2019\/04\/Logo-F\u00f6lmli-Bedachungen-300x104.png 300w, https:\/\/www.westernkilbi.ch\/wp-content\/uploads\/2019\/04\/Logo-F\u00f6lmli-Bedachungen.png 640w\" sizes=\"auto, (max-width: 300px) 100vw, 300px\" \/><\/a><\/div><\/div><\/div><div id=\"pg-gb101-69ec7afa4b64c-2\"  class=\"panel-grid panel-no-style\" ><div id=\"pgc-gb101-69ec7afa4b64c-2-0\"  class=\"panel-grid-cell\" ><div id=\"panel-gb101-69ec7afa4b64c-2-0-0\" class=\"so-panel widget widget_media_image panel-first-child panel-last-child\" data-index=\"4\" ><a href=\"https:\/\/www.meiermenznau.ch\/\"><img loading=\"lazy\" decoding=\"async\" width=\"300\" height=\"74\" src=\"https:\/\/www.westernkilbi.ch\/wp-content\/uploads\/2020\/02\/Logo-Meier-Getr\u00e4nke-300x74.jpg\" class=\"image wp-image-343  attachment-medium size-medium\" alt=\"\" style=\"max-width: 100%; height: auto;\" srcset=\"https:\/\/www.westernkilbi.ch\/wp-content\/uploads\/2020\/02\/Logo-Meier-Getr\u00e4nke-300x74.jpg 300w, https:\/\/www.westernkilbi.ch\/wp-content\/uploads\/2020\/02\/Logo-Meier-Getr\u00e4nke-768x190.jpg 768w, https:\/\/www.westernkilbi.ch\/wp-content\/uploads\/2020\/02\/Logo-Meier-Getr\u00e4nke.jpg 940w\" sizes=\"auto, (max-width: 300px) 100vw, 300px\" \/><\/a><\/div><\/div><div id=\"pgc-gb101-69ec7afa4b64c-2-1\"  class=\"panel-grid-cell\" ><div id=\"panel-gb101-69ec7afa4b64c-2-1-0\" class=\"so-panel widget widget_media_image panel-first-child panel-last-child\" data-index=\"5\" ><a href=\"https:\/\/www.baumann-beschriftungen.ch\/\"><img loading=\"lazy\" decoding=\"async\" width=\"300\" height=\"81\" src=\"https:\/\/www.westernkilbi.ch\/wp-content\/uploads\/2025\/07\/Logo-Baumann-Beschriftungen-300x81.jpg\" class=\"image wp-image-602  attachment-medium size-medium\" alt=\"\" style=\"max-width: 100%; height: auto;\" srcset=\"https:\/\/www.westernkilbi.ch\/wp-content\/uploads\/2025\/07\/Logo-Baumann-Beschriftungen-300x81.jpg 300w, https:\/\/www.westernkilbi.ch\/wp-content\/uploads\/2025\/07\/Logo-Baumann-Beschriftungen.jpg 595w\" sizes=\"auto, (max-width: 300px) 100vw, 300px\" \/><\/a><\/div><\/div><\/div><div id=\"pg-gb101-69ec7afa4b64c-3\"  class=\"panel-grid panel-no-style\" ><div id=\"pgc-gb101-69ec7afa4b64c-3-0\"  class=\"panel-grid-cell panel-grid-cell-empty panel-grid-cell-mobile-last\" ><\/div><div id=\"pgc-gb101-69ec7afa4b64c-3-1\"  class=\"panel-grid-cell panel-grid-cell-empty\" ><\/div><\/div><\/div>\n\n\n<p><\/p>\n\n\n\n<h3 class=\"wp-block-heading\"><strong>Herzlichen Dank an unsere Sponsoren ab CHF 200.00<\/strong><\/h3>\n\n\n\n<figure class=\"wp-block-table is-style-stripes\"><table class=\"has-fixed-layout\"><tbody><tr><td><a href=\"https:\/\/aregger-ag.ch\/\">Aregger AG Bauunternehmung<\/a><\/td><td><a href=\"http:\/\/www.baechtold-landtechnik.ch\" target=\"_blank\" rel=\"noreferrer noopener\">B\u00e4chtold Landtechnik AG<\/a><\/td><\/tr><tr><td><a href=\"https:\/\/belevo.ch\/\" target=\"_blank\" rel=\"noreferrer noopener\">Belevo AG<\/a><\/td><td><a href=\"https:\/\/tel.search.ch\/geiss\/jungholzstrasse-6\/bs-schreinermontagen-gmbh\" target=\"_blank\" rel=\"noreferrer noopener\">BS Schreinermontagen GmbH<\/a><\/td><\/tr><tr><td><a href=\"https:\/\/buehler-menznau.ch\/\">B\u00fchler Transporte GmbH<\/a><\/td><td><a href=\"https:\/\/buerli-lohnarbeiten.ch\/Startseite\/\">B\u00fcrli Lohnarbeiten<\/a><\/td><\/tr><tr><td><a href=\"https:\/\/www.ehb-elektro.ch\/\">EHB Elektro AG<\/a><\/td><td><a href=\"https:\/\/www.emmental-versicherung.ch\/de\/\">Emmental Versicherungen<\/a><\/td><\/tr><tr><td><a href=\"https:\/\/www.erni-landmaschinen.ch\/\" target=\"_blank\" rel=\"noreferrer noopener\">Erni Landmaschinen AG<\/a><\/td><td><a href=\"https:\/\/www.felder2rad.ch\/\">Felder 2 Rad Center GmbH<\/a><\/td><\/tr><tr><td><a href=\"https:\/\/www.menznau.ch\/firmenverzeichnis\/174709\">Garage Blum GmbH<\/a><\/td><td><a href=\"https:\/\/www.garage-hocher.ch\/\">Garage Hocher GmbH<\/a><\/td><\/tr><tr><td><a href=\"https:\/\/www.garage-ruettimann.ch\/\">Garage R\u00fcttimann AG<\/a><\/td><td><a href=\"https:\/\/www.glanzmann-carrosserie.ch\/\">Glanzmann Carrosserie AG<\/a><\/td><\/tr><tr><td><a href=\"https:\/\/search.ch\/tel\/ruswil\/baeremattweg-10\/haensli-plattenbelaege\">H\u00e4nsli Plattenbel\u00e4ge<\/a><\/td><td><a href=\"https:\/\/www.hergerundkoch.ch\/home.html\">Herger und Koch AG<\/a><\/td><\/tr><tr><td><a href=\"https:\/\/www.joes-kgv.ch\/\">Joe&#8217;s <\/a><\/td><td><a href=\"https:\/\/jostrenggliag.ch\/\">Jost Renggli AG<\/a><\/td><\/tr><tr><td><a href=\"https:\/\/www.kaeserei-geiss.ch\/\" target=\"_blank\" rel=\"noreferrer noopener\">K\u00e4serei Geiss<\/a><\/td><td><a href=\"https:\/\/www.kunzmontagen-gmbh.ch\/\">Kunz Schreiner Montagen GmbH<\/a><\/td><\/tr><tr><td><a href=\"https:\/\/www.kurmannbau.ch\/\">Kurmann Bau AG<\/a><\/td><td><a href=\"https:\/\/kurmannmenznau.ch\/\">Kurmann Interior GmbH<\/a><\/td><\/tr><tr><td><a href=\"https:\/\/www.kurmann-technik.ch\/\" data-type=\"link\" data-id=\"https:\/\/www.kurmann-technik.ch\/\">Kurmann Technik AG<\/a><\/td><td><a href=\"https:\/\/landwerker.ch\/\">Landwerker GmbH<\/a><\/td><\/tr><tr><td><a href=\"https:\/\/www.lsa-technik.ch\/\">LSA-Technik AG<\/a><\/td><td><a href=\"https:\/\/www.meier-kilian-gmbh.ch\/#gref\">Meier Kilian GmbH<\/a><\/td><\/tr><tr><td><a href=\"https:\/\/www.oekofen.com\/de-ch\/pelletheizung\/?gad_source=1&amp;gclid=CjwKCAjw7s20BhBFEiwABVIMrWzaVTU08IBNIKDKesDpFCdJln_F7X_IsBkPIoGWft_ToNfsOaJodRoCcO8QAvD_BwE\">\u00d6koFEN Schweiz GmbH<\/a><\/td><td><a href=\"https:\/\/www.raiffeisen.ch\/menznau-wolhusen\/de.html\">Raiffeisenbank Menznau-Wolhusen<\/a><\/td><\/tr><tr><td><a href=\"http:\/\/www.schreinerei-zangger.ch\" target=\"_blank\" rel=\"noreferrer noopener\">Schreinerei Zangger GmbH<\/a><\/td><td><a href=\"https:\/\/www.stirnimann-holzbau.ch\/\">Stirnimann Holzbau AG<\/a><\/td><\/tr><tr><td><a href=\"https:\/\/stoeckli-fenster.ch\/\">St\u00f6ckli Fenster AG<\/a><\/td><td><a href=\"http:\/\/www.swisskrono.ch\" target=\"_blank\" rel=\"noreferrer noopener\">Swiss Krono AG<\/a><\/td><\/tr><tr><td><a href=\"https:\/\/www.tilmannlaube.com\/\" target=\"_blank\" rel=\"noreferrer noopener\">Tilmann Laube GmbH<\/a><\/td><td><a href=\"https:\/\/www.valiant.ch\/de\/privatkunden?gclid=EAIaIQobChMIx82R-qn2-AIVw4XVCh0Lygi7EAAYASAAEgKS2vD_BwE\" target=\"_blank\" rel=\"noreferrer noopener\">Valiant Bank<\/a><\/td><\/tr><tr><td><a href=\"https:\/\/www.vogeldesign.ch\/\">Vogel Design AG<\/a><\/td><td><a href=\"https:\/\/www.wicki-carreisen.ch\/home\/\">Wicki Carreisen GmbH<\/a><\/td><\/tr><tr><td><a href=\"https:\/\/www.metzgerei-zemp.ch\/\" target=\"_blank\" rel=\"noreferrer noopener\">Zemp Metzgerei AG<\/a><\/td><td><a href=\"https:\/\/www.zumbuehl-gartenbau.ch\/2020\/\">Zumb\u00fchl Gartenbau GmbH<\/a><\/td><\/tr><\/tbody><\/table><\/figure>\n\n\n\n<h3 class=\"wp-block-heading\"><strong>Herzlichen Dank an unsere G\u00f6nner und Sponsoren ab CHF 100.00<\/strong><\/h3>\n\n\n\n<figure class=\"wp-block-table is-style-stripes\"><table class=\"has-fixed-layout\"><tbody><tr><td><a href=\"https:\/\/www.afag-willisau.ch\/de\/\"><\/a><a href=\"https:\/\/giger-haushalt.ch\/\">Giger Haushaltsger\u00e4te AG<\/a> <\/td><td><a href=\"http:\/\/www.baechtold-landtechnik.ch\" target=\"_blank\" rel=\"noreferrer noopener\"><\/a><a href=\"https:\/\/www.spar.ch\/standorte\/detail\/sm-menznau\">Spar Menznau<\/a><\/td><\/tr><tr><td><a href=\"https:\/\/www.steiner-baeckerei.ch\/\"><\/a><a href=\"https:\/\/www.steiner-baeckerei.ch\/\">Steiner B\u00e4ckerei<\/a><\/td><td><\/td><\/tr><\/tbody><\/table><\/figure>\n\n\n\n<p><\/p>\n","protected":false},"excerpt":{"rendered":"<p>Herzlichen Dank an unseren Hauptsponsor Herzlichen Dank an unsere Lokalsponsoren Herzlichen Dank an unsere Sponsoren ab CHF 200.00 Aregger AG Bauunternehmung B\u00e4chtold Landtechnik AG Belevo AG BS Schreinermontagen GmbH B\u00fchler Transporte GmbH B\u00fcrli Lohnarbeiten EHB Elektro AG Emmental Versicherungen Erni Landmaschinen AG Felder 2 Rad Center GmbH Garage Blum GmbH Garage Hocher GmbH Garage R\u00fcttimann&hellip; <br \/> <a class=\"read-more\" href=\"https:\/\/www.westernkilbi.ch\/?page_id=101\">Weiterlesen<\/a><\/p>\n","protected":false},"author":2,"featured_media":0,"parent":0,"menu_order":0,"comment_status":"closed","ping_status":"closed","template":"page-templates\/page-with-right-sidebar.php","meta":{"footnotes":""},"class_list":["post-101","page","type-page","status-publish","hentry"],"_links":{"self":[{"href":"https:\/\/www.westernkilbi.ch\/index.php?rest_route=\/wp\/v2\/pages\/101","targetHints":{"allow":["GET"]}}],"collection":[{"href":"https:\/\/www.westernkilbi.ch\/index.php?rest_route=\/wp\/v2\/pages"}],"about":[{"href":"https:\/\/www.westernkilbi.ch\/index.php?rest_route=\/wp\/v2\/types\/page"}],"author":[{"embeddable":true,"href":"https:\/\/www.westernkilbi.ch\/index.php?rest_route=\/wp\/v2\/users\/2"}],"replies":[{"embeddable":true,"href":"https:\/\/www.westernkilbi.ch\/index.php?rest_route=%2Fwp%2Fv2%2Fcomments&post=101"}],"version-history":[{"count":119,"href":"https:\/\/www.westernkilbi.ch\/index.php?rest_route=\/wp\/v2\/pages\/101\/revisions"}],"predecessor-version":[{"id":640,"href":"https:\/\/www.westernkilbi.ch\/index.php?rest_route=\/wp\/v2\/pages\/101\/revisions\/640"}],"wp:attachment":[{"href":"https:\/\/www.westernkilbi.ch\/index.php?rest_route=%2Fwp%2Fv2%2Fmedia&parent=101"}],"curies":[{"name":"wp","href":"https:\/\/api.w.org\/{rel}","templated":true}]}}